{"id":1511,"date":"2026-04-29T08:45:58","date_gmt":"2026-04-29T08:45:58","guid":{"rendered":"https:\/\/ewamartynkien.com\/?page_id=1511"},"modified":"2026-04-29T08:48:15","modified_gmt":"2026-04-29T08:48:15","slug":"spotkania-autorskie","status":"publish","type":"page","link":"https:\/\/ewamartynkien.com\/index.php\/spotkania-autorskie\/","title":{"rendered":"Spotkania autorskie"},"content":{"rendered":"\t\t<div data-elementor-type=\"wp-page\" data-elementor-id=\"1511\" class=\"elementor elementor-1511\">\n\t\t\t\t<div class=\"elementor-element elementor-element-130ebcfd e-flex e-con-boxed e-con e-parent\" data-id=\"130ebcfd\" data-element_type=\"container\" data-e-type=\"container\">\n\t\t\t\t\t<div class=\"e-con-inner\">\n\t\t<div class=\"elementor-element elementor-element-7cd407a8 e-grid e-con-full e-con e-child\" data-id=\"7cd407a8\" data-element_type=\"container\" data-e-type=\"container\">\n\t\t\t\t<div class=\"elementor-element elementor-element-33edd7d elementor-widget elementor-widget-text-editor\" data-id=\"33edd7d\" data-element_type=\"widget\" data-e-type=\"widget\" data-widget_type=\"text-editor.default\">\n\t\t\t\t\t\t\t\t\t<p><b>Spotkania autorskie\u00a0<\/b><\/p><p>Spotkania autorskie w szko\u0142ach i bibliotekach<\/p><p>Podczas spotka\u0144 prowadz\u0119 rozmowy z dzie\u0107mi w oparciu o w\u0142asn\u0105 tw\u00f3rczo\u015b\u0107. Czas trwania 45 \u2013 60 min.\u00a0<\/p><p><b>Istnieje mo\u017cliwo\u015b\u0107 przeprowadzenia spotka\u0144 i warsztat\u00f3w\u00a0 tematycznych na podstawie moich ksi\u0105\u017cek:<\/b><b><\/b><\/p><p><b>\u201eWszystkie emocje s\u0105 wa\u017cne\u201d<\/b>\u00a0\u2013 warsztaty na podstawie ksi\u0105\u017cki \u201eCh\u0142opiec i Gwiezdny Wilk\u201d, klasy 4-6.(45-60 min.)\u00a0<\/p><p><b>\u201eInny znaczy?<\/b>\u00a0\u2013 warsztaty w oparciu o powie\u015b\u0107 \u201eM\u00f3j kumpel Jeremi\u201d, klasy 4\u20136. (45-60 min.)\u00a0<\/p><p><b>\u201ePrzeciw cyberprzemocy r\u00f3wie\u015bniczej\u201d<\/b>\u00a0\u2013 warsztaty na podstawie ksi\u0105\u017cki \u201eJak zdoby\u0107 supermoce\u201d, klasy 4\u20136. (45-60 min.)\u00a0<\/p><p><b>Szcz\u0119\u015bcie i supermoce<\/b>\u00a0\u2013 warsztaty w oparciu o powie\u015b\u0107 \u201eJak zdoby\u0107 supermoce\u201d, klasy 4\u20136. (45 min.)<\/p><p><b>\u201eOdwiedziny na Zamku Ksi\u0105\u017c\u201d<\/b>\u00a0\u2013 spotkanie w oparciu o ksi\u0105\u017ck\u0119 \u201eMopek na tropie zamkowego ducha\u201d, klasy 1-3, (45 min.)\u00a0<\/p><p><b>\u201e\u015aledztwo nad rzek\u0105\u201d\u00a0<\/b>\u2013 warsztaty ekologiczne na podstawie ksi\u0105\u017cki \u201eDetektyw Melania Kura\u201d, klasy 1-3. (45 min)<\/p><p><b>\u201ePomog\u0119 Ci!\u201d<\/b>\u00a0\u2013 o empatii dla dzieci przedszkolnych.\u00a0 Na podstawie ksi\u0105\u017cki \u201eMyszka w Paski i Pierwsza Pomoc\u201d.\u00a0<\/p><p>Spotkania tematyczne maj\u0105 charakter warsztatowy. Dzieci aktywnie uczestnicz\u0105 w zaj\u0119ciach. Czas podany jest przyk\u0142adowy. Szczeg\u00f3\u0142y ustalam indywidualnie.\u00a0<\/p>\t\t\t\t\t\t\t\t<\/div>\n\t\t\t\t<div class=\"elementor-element elementor-element-4ac44147 elementor-widget elementor-widget-image\" data-id=\"4ac44147\" data-element_type=\"widget\" data-e-type=\"widget\" data-widget_type=\"image.default\">\n\t\t\t\t\t\t\t\t\t\t\t\t\t\t\t<img fetchpriority=\"high\" decoding=\"async\" width=\"1024\" height=\"1024\" src=\"https:\/\/ewamartynkien.com\/wp-content\/uploads\/2026\/03\/3-1024x1024.png\" class=\"attachment-large size-large wp-image-364\" alt=\"\" srcset=\"https:\/\/ewamartynkien.com\/wp-content\/uploads\/2026\/03\/3-1024x1024.png 1024w, https:\/\/ewamartynkien.com\/wp-content\/uploads\/2026\/03\/3-300x300.png 300w, https:\/\/ewamartynkien.com\/wp-content\/uploads\/2026\/03\/3-150x150.png 150w, https:\/\/ewamartynkien.com\/wp-content\/uploads\/2026\/03\/3-768x768.png 768w, https:\/\/ewamartynkien.com\/wp-content\/uploads\/2026\/03\/3.png 1200w\" sizes=\"(max-width: 1024px) 100vw, 1024px\" \/>\t\t\t\t\t\t\t\t\t\t\t\t\t\t\t<\/div>\n\t\t\t\t<\/div>\n\t\t\t\t\t<\/div>\n\t\t\t\t<\/div>\n\t\t\t\t<\/div>\n\t\t","protected":false},"excerpt":{"rendered":"<p>Spotkania autorskie\u00a0 Spotkania autorskie w szko\u0142ach i bibliotekach Podczas spotka\u0144 prowadz\u0119 rozmowy z dzie\u0107mi w oparciu o w\u0142asn\u0105 tw\u00f3rczo\u015b\u0107. Czas trwania 45 \u2013 60 min.\u00a0 Istnieje mo\u017cliwo\u015b\u0107 przeprowadzenia spotka\u0144 i warsztat\u00f3w\u00a0 tematycznych na podstawie moich ksi\u0105\u017cek: \u201eWszystkie emocje s\u0105 wa\u017cne\u201d\u00a0\u2013 warsztaty na podstawie ksi\u0105\u017cki \u201eCh\u0142opiec i Gwiezdny Wilk\u201d, klasy 4-6.(45-60 min.)\u00a0 \u201eInny znaczy?\u00a0\u2013 warsztaty w &hellip;<\/p>\n","protected":false},"author":2,"featured_media":0,"parent":0,"menu_order":0,"comment_status":"closed","ping_status":"closed","template":"","meta":{"footnotes":""},"class_list":["post-1511","page","type-page","status-publish","hentry"],"_links":{"self":[{"href":"https:\/\/ewamartynkien.com\/index.php\/wp-json\/wp\/v2\/pages\/1511","targetHints":{"allow":["GET"]}}],"collection":[{"href":"https:\/\/ewamartynkien.com\/index.php\/wp-json\/wp\/v2\/pages"}],"about":[{"href":"https:\/\/ewamartynkien.com\/index.php\/wp-json\/wp\/v2\/types\/page"}],"author":[{"embeddable":true,"href":"https:\/\/ewamartynkien.com\/index.php\/wp-json\/wp\/v2\/users\/2"}],"replies":[{"embeddable":true,"href":"https:\/\/ewamartynkien.com\/index.php\/wp-json\/wp\/v2\/comments?post=1511"}],"version-history":[{"count":7,"href":"https:\/\/ewamartynkien.com\/index.php\/wp-json\/wp\/v2\/pages\/1511\/revisions"}],"predecessor-version":[{"id":1518,"href":"https:\/\/ewamartynkien.com\/index.php\/wp-json\/wp\/v2\/pages\/1511\/revisions\/1518"}],"wp:attachment":[{"href":"https:\/\/ewamartynkien.com\/index.php\/wp-json\/wp\/v2\/media?parent=1511"}],"curies":[{"name":"wp","href":"https:\/\/api.w.org\/{rel}","templated":true}]}}